{"id":8370,"date":"2024-06-07T14:28:28","date_gmt":"2024-06-07T14:28:28","guid":{"rendered":"https:\/\/dev.senegalsantemobile.org\/?page_id=8370"},"modified":"2024-06-07T14:32:12","modified_gmt":"2024-06-07T14:32:12","slug":"notre-histoire","status":"publish","type":"page","link":"https:\/\/senegalsantemobile.org\/fr\/notre-histoire\/","title":{"rendered":"NOTRE HISTOIRE"},"content":{"rendered":"\t\t<div data-elementor-type=\"wp-page\" data-elementor-id=\"8370\" class=\"elementor elementor-8370\">\n\t\t\t\t        <section class=\"elementor-section elementor-top-section elementor-element elementor-element-7f41d081 elementor-section-boxed elementor-section-height-default elementor-section-height-default ct-header-fixed-none\" data-id=\"7f41d081\" data-element_type=\"section\" data-e-type=\"section\" data-settings=\"{&quot;background_background&quot;:&quot;classic&quot;}\">\n                            <div class=\"elementor-background-overlay\"><\/div>\n                \n                        <div class=\"elementor-container elementor-column-gap-extended \">\n                    <div class=\"elementor-column elementor-col-50 elementor-top-column elementor-element elementor-element-93b8d37\" data-id=\"93b8d37\" data-element_type=\"column\" data-e-type=\"column\">\n        <div class=\"elementor-widget-wrap elementor-element-populated\">\n                    \n        \t\t<div class=\"elementor-element elementor-element-7f61952 elementor-widget elementor-widget-image\" data-id=\"7f61952\" data-element_type=\"widget\" data-e-type=\"widget\" data-widget_type=\"image.default\">\n\t\t\t\t<div class=\"elementor-widget-container\">\n\t\t\t\t\t\t\t\t\t\t\t\t\t\t\t<img fetchpriority=\"high\" decoding=\"async\" width=\"640\" height=\"413\" src=\"https:\/\/senegalsantemobile.org\/wp-content\/uploads\/2024\/06\/populations-v-1-1024x661.jpg\" class=\"attachment-large size-large wp-image-8209\" alt=\"\" srcset=\"https:\/\/senegalsantemobile.org\/wp-content\/uploads\/2024\/06\/populations-v-1-1024x661.jpg 1024w, https:\/\/senegalsantemobile.org\/wp-content\/uploads\/2024\/06\/populations-v-1-300x194.jpg 300w, https:\/\/senegalsantemobile.org\/wp-content\/uploads\/2024\/06\/populations-v-1-768x496.jpg 768w, https:\/\/senegalsantemobile.org\/wp-content\/uploads\/2024\/06\/populations-v-1.jpg 1410w\" sizes=\"(max-width: 640px) 100vw, 640px\" \/>\t\t\t\t\t\t\t\t\t\t\t\t\t\t\t<\/div>\n\t\t\t\t<\/div>\n\t\t\t\t<div class=\"elementor-element elementor-element-1a5fa6f elementor-widget elementor-widget-ct_text_editor\" data-id=\"1a5fa6f\" data-element_type=\"widget\" data-e-type=\"widget\" data-widget_type=\"ct_text_editor.default\">\n\t\t\t\t<div class=\"elementor-widget-container\">\n\t\t\t\t\t<div id=\"ct_text_editor-1a5fa6f\" class=\"ct-text-editor \" data-wow-delay=\"ms\">\n\t<div class=\"ct-item--inner\">\n\t\t<div class=\"ct-inline-css\"  data-css=\"\n\t        \t\t\t\">\n\n\t    <\/div>\n\t\t<div class=\"ct-text-editor elementor-clearfix\">\n\t\t\t<blockquote><h5 class=\"fw-special-title\">NOTRE SLOGAN : \u00ab RENDRE LES SOINS ACCESSIBLES, EFFICACES ET HUMAINS \u00bb<\/h5><\/blockquote>\t\t\n\t\t<\/div>\n\t<\/div>\n<\/div>\t\t\t\t<\/div>\n\t\t\t\t<\/div>\n\t\t\t\t<div class=\"elementor-element elementor-element-cee5881 elementor-widget elementor-widget-ct_text_editor\" data-id=\"cee5881\" data-element_type=\"widget\" data-e-type=\"widget\" data-widget_type=\"ct_text_editor.default\">\n\t\t\t\t<div class=\"elementor-widget-container\">\n\t\t\t\t\t<div id=\"ct_text_editor-cee5881\" class=\"ct-text-editor \" data-wow-delay=\"ms\">\n\t<div class=\"ct-item--inner\">\n\t\t<div class=\"ct-inline-css\"  data-css=\"\n\t        \t\t\t\">\n\n\t    <\/div>\n\t\t<div class=\"ct-text-editor elementor-clearfix\">\n\t\t\t<p>La Fondation S\u00e9n\u00e9gal Sant\u00e9 Mobile est une organisation qui vise \u00e0 assurer la p\u00e9rennit\u00e9 des soins de sant\u00e9 primaires au sein des populations d\u00e9favoris\u00e9es du S\u00e9n\u00e9gal. Elle encourage et finance la gestion des services de sant\u00e9 afin d\u2019am\u00e9liorer leur disponibilit\u00e9 et leur qualit\u00e9.<\/p><p>La Fondation collecte des dons pour soutenir le financement des m\u00e9dicaments, et d\u2019\u00e9quipements m\u00e9dicaux l\u00e9gers de base dont nos professionnels de la sant\u00e9 auront besoin pour offrir des services de sant\u00e9 de qualit\u00e9 aux populations\u00a0du S\u00e9n\u00e9gal.<\/p><p>Les sommes recueillies sont utilis\u00e9es pour soutenir la promotion de la sant\u00e9, en particulier aupr\u00e8s des jeunes et des femmes.<\/p><p>En donnant \u00e0 la Fondation S\u00e9n\u00e9gal Sant\u00e9 Mobile, vous :<\/p><ul><li>Contribuez au bien-\u00eatre des populations d\u00e9favoris\u00e9es du S\u00e9n\u00e9gal en particulier les enfants et les jeunes m\u00e8res, livr\u00e9s \u00e0 eux-m\u00eames.<\/li><li>Offrez des soins de sant\u00e9 de base de meilleure qualit\u00e9.<\/li><li>Assurez le bien-\u00eatre et la sant\u00e9 de g\u00e9n\u00e9rations futures.<\/li><\/ul>\t\t\n\t\t<\/div>\n\t<\/div>\n<\/div>\t\t\t\t<\/div>\n\t\t\t\t<\/div>\n\t\t            <\/div>\n        <\/div>\n                <div class=\"elementor-column elementor-col-50 elementor-top-column elementor-element elementor-element-65c88901\" data-id=\"65c88901\" data-element_type=\"column\" data-e-type=\"column\">\n        <div class=\"elementor-widget-wrap elementor-element-populated\">\n                    \n        \t\t<div class=\"elementor-element elementor-element-79a384d6 elementor-widget elementor-widget-ct_heading\" data-id=\"79a384d6\" data-element_type=\"widget\" data-e-type=\"widget\" data-widget_type=\"ct_heading.default\">\n\t\t\t\t<div class=\"elementor-widget-container\">\n\t\t\t\t\t<div id=\"ct_heading-79a384d6\" class=\"ct-heading h-align- ct-heading-left item-st-default\">\r\n\t<div class=\"ct-heading--inner\">\r\n        <div class=\"ct-inline-css\"  data-css=\"\r\n            \">\r\n        <\/div>\r\n                <h3 class=\"item--title  st-default \" data-wow-delay=\"ms\">\r\n            <span class=\"ct-text-inner\">HISTORIQUE<\/span>        <\/h3>\r\n    <\/div>\r\n<\/div>\t\t\t\t<\/div>\n\t\t\t\t<\/div>\n\t\t\t\t<div class=\"elementor-element elementor-element-60428719 elementor-widget-divider--view-line elementor-widget elementor-widget-divider\" data-id=\"60428719\" data-element_type=\"widget\" data-e-type=\"widget\" data-widget_type=\"divider.default\">\n\t\t\t\t<div class=\"elementor-widget-container\">\n\t\t\t\t\t\t\t<div class=\"elementor-divider\">\n\t\t\t<span class=\"elementor-divider-separator\">\n\t\t\t\t\t\t<\/span>\n\t\t<\/div>\n\t\t\t\t\t\t<\/div>\n\t\t\t\t<\/div>\n\t\t\t\t<div class=\"elementor-element elementor-element-264d30c3 elementor-widget elementor-widget-ct_text_editor\" data-id=\"264d30c3\" data-element_type=\"widget\" data-e-type=\"widget\" data-widget_type=\"ct_text_editor.default\">\n\t\t\t\t<div class=\"elementor-widget-container\">\n\t\t\t\t\t<div id=\"ct_text_editor-264d30c3\" class=\"ct-text-editor \" data-wow-delay=\"ms\">\n\t<div class=\"ct-item--inner\">\n\t\t<div class=\"ct-inline-css\"  data-css=\"\n\t        \t\t\t\">\n\n\t    <\/div>\n\t\t<div class=\"ct-text-editor elementor-clearfix\">\n\t\t\t<p>Cr\u00e9\u00e9e en 2010, La Fondation S\u00e9n\u00e9gal Sant\u00e9 Mobile est une organisation \u00e0 but non lucratif, bas\u00e9e \u00e0 Montr\u00e9al, Qu\u00e9bec, Canada. La Fondation a \u00e9t\u00e9 confirm\u00e9e comme organisme de bienfaisance enregistr\u00e9 par l\u2019Agence du revenu du Canada.<\/p><p>Au S\u00e9n\u00e9gal, la Fondation collabore avec l\u2019Association Sant\u00e9 Mobile qui a son si\u00e8ge \u00e0 Dakar avec des antennes r\u00e9gionales notamment \u00e0 Tambacounda, K\u00e9dougou, Kaffrine, Kaolack, Kolda, Diourbel, Saint Louis, Thi\u00e8s, dans le d\u00e9partement de Mbour et Touba.<\/p><p>Nous sommes pionniers dans le domaine de la gestion de l\u2019hygi\u00e8ne menstruelle. Depuis 2014, nous distribuons des serviettes hygi\u00e9niques r\u00e9utilisables en coton, qui sont produites dans notre atelier \u00e0 Dakar. De plus, nous sommes partenaires d\u2019ONU Femmes, de l\u2019UNFPA, de Marie Stopes International, de Plan International et de World Vision.<\/p>\t\t\n\t\t<\/div>\n\t<\/div>\n<\/div>\t\t\t\t<\/div>\n\t\t\t\t<\/div>\n\t\t\t\t<div class=\"elementor-element elementor-element-6b5b20b elementor-widget elementor-widget-ct_text_editor\" data-id=\"6b5b20b\" data-element_type=\"widget\" data-e-type=\"widget\" data-widget_type=\"ct_text_editor.default\">\n\t\t\t\t<div class=\"elementor-widget-container\">\n\t\t\t\t\t<div id=\"ct_text_editor-6b5b20b\" class=\"ct-text-editor \" data-wow-delay=\"ms\">\n\t<div class=\"ct-item--inner\">\n\t\t<div class=\"ct-inline-css\"  data-css=\"\n\t        \t\t\t\">\n\n\t    <\/div>\n\t\t<div class=\"ct-text-editor elementor-clearfix\">\n\t\t\t<div class=\"elementor-element elementor-element-5af8c54 elementor-widget elementor-widget-text-editor\" data-id=\"5af8c54\" data-element_type=\"widget\" data-widget_type=\"text-editor.default\"><div class=\"elementor-widget-container\"><div class=\"elementor-element elementor-element-5af8c54 elementor-widget elementor-widget-text-editor\" data-id=\"5af8c54\" data-element_type=\"widget\" data-widget_type=\"text-editor.default\"><div class=\"elementor-widget-container\"><blockquote><h5><span style=\"color: #000000\">UNIES ET FORTES NOUS BRISONS LES BARRI\u00c8RES DE L\u2019HANDICAP ET DE LA DISCRIMINATION !<\/span><\/h5><\/blockquote><\/div><\/div><div class=\"elementor-element elementor-element-cc2f2cd elementor-widget elementor-widget-text-editor\" data-id=\"cc2f2cd\" data-element_type=\"widget\" data-widget_type=\"text-editor.default\"><div class=\"elementor-widget-container\"><p><span style=\"color: #000000\">Notre comit\u00e9 est une communaut\u00e9 soud\u00e9e, compos\u00e9e de femmes incroyables et engag\u00e9es. Ensemble, nous avons le pouvoir de faire entendre nos voix, de sensibiliser notre soci\u00e9t\u00e9 aux d\u00e9fis que nous rencontrons et de d\u00e9fendre nos droits fondamentaux. Nous sommes les architectes de notre propre destin et nous pouvons fa\u00e7onner un avenir meilleur pour toutes les femmes handicap\u00e9es. Je suis profond\u00e9ment convaincue que l\u2019autonomisation des femmes handicap\u00e9es est la cl\u00e9 pour cr\u00e9er un S\u00e9n\u00e9gal plus inclusif et \u00e9quitable. Ensemble, nous pouvons briser les barri\u00e8res qui nous retiennent, surmonter les stigmates et les discriminations et ouvrir la voie \u00e0 de nouvelles opportunit\u00e9s. Nous avons le pouvoir de transformer les obstacles en d\u00e9fis \u00e0 relever et de montrer au monde entier notre r\u00e9silience et notre d\u00e9termination.<\/span><\/p><h5><span style=\"color: #000000\">D\u00c9FENDRE NOS DROITS \u00c0 TOUS LES NIVEAUX<\/span><\/h5><\/div><\/div><div class=\"elementor-element elementor-element-cc2f2cd elementor-widget elementor-widget-text-editor\" data-id=\"cc2f2cd\" data-element_type=\"widget\" data-widget_type=\"text-editor.default\"><div class=\"elementor-widget-container\"><p><span style=\"color: #000000\"><span class=\"dropcap\">J<\/span>e vous exhorte \u00e0 vous joindre \u00e0 moi dans notre qu\u00eate commune de l\u2019\u00e9galit\u00e9 des genres, de la justice sociale et de l\u2019inclusion pour toutes les femmes handicap\u00e9es. Nous sommes plus forts lorsque nous sommes unis, et ensemble, nous pouvons accomplir de grandes choses.<\/span><\/p><\/div><\/div><\/div><\/div>\t\t\n\t\t<\/div>\n\t<\/div>\n<\/div>\t\t\t\t<\/div>\n\t\t\t\t<\/div>\n\t\t            <\/div>\n        <\/div>\n                    <\/div>\n        <\/section>\n                <section class=\"elementor-section elementor-top-section elementor-element elementor-element-ef798ab elementor-section-stretched elementor-section-boxed elementor-section-height-default elementor-section-height-default ct-header-fixed-none\" data-id=\"ef798ab\" data-element_type=\"section\" data-e-type=\"section\" data-settings=\"{&quot;stretch_section&quot;:&quot;section-stretched&quot;,&quot;background_background&quot;:&quot;classic&quot;}\">\n                            <div class=\"elementor-background-overlay\"><\/div>\n                \n                        <div class=\"elementor-container elementor-column-gap-extended \">\n                    <div class=\"elementor-column elementor-col-100 elementor-top-column elementor-element elementor-element-06e3b3e\" data-id=\"06e3b3e\" data-element_type=\"column\" data-e-type=\"column\">\n        <div class=\"elementor-widget-wrap elementor-element-populated\">\n                    \n        \t\t<div class=\"elementor-element elementor-element-0c455fc elementor-widget elementor-widget-heading\" data-id=\"0c455fc\" data-element_type=\"widget\" data-e-type=\"widget\" data-widget_type=\"heading.default\">\n\t\t\t\t<div class=\"elementor-widget-container\">\n\t\t\t\t\t<h2 class=\"elementor-heading-title elementor-size-default\">DON D'AMBULANCES TRICYCLES \u00c9QUIP\u00c9ES D'UN SYST\u00c8ME DE CONCENTRATEUR D'OXYG\u00c8NE : AVRIL 2024<\/h2>\t\t\t\t<\/div>\n\t\t\t\t<\/div>\n\t\t\t\t<div class=\"elementor-element elementor-element-4d98928 elementor-widget elementor-widget-spacer\" data-id=\"4d98928\" data-element_type=\"widget\" data-e-type=\"widget\" data-widget_type=\"spacer.default\">\n\t\t\t\t<div class=\"elementor-widget-container\">\n\t\t\t\t\t\t\t<div class=\"elementor-spacer\">\n\t\t\t<div class=\"elementor-spacer-inner\"><\/div>\n\t\t<\/div>\n\t\t\t\t\t\t<\/div>\n\t\t\t\t<\/div>\n\t\t        <section class=\"elementor-section elementor-inner-section elementor-element elementor-element-6abaf85 elementor-section-content-middle elementor-section-boxed elementor-section-height-default elementor-section-height-default ct-header-fixed-none\" data-id=\"6abaf85\" data-element_type=\"section\" data-e-type=\"section\">\n            \n                        <div class=\"elementor-container elementor-column-gap-extended \">\n                    <div class=\"elementor-column elementor-col-50 elementor-inner-column elementor-element elementor-element-660c5c8\" data-id=\"660c5c8\" data-element_type=\"column\" data-e-type=\"column\">\n        <div class=\"elementor-widget-wrap elementor-element-populated\">\n                    \n        \t\t<div class=\"elementor-element elementor-element-5844bca elementor-widget elementor-widget-text-editor\" data-id=\"5844bca\" data-element_type=\"widget\" data-e-type=\"widget\" data-widget_type=\"text-editor.default\">\n\t\t\t\t<div class=\"elementor-widget-container\">\n\t\t\t\t\t\t\t\t\t<h5 class=\"sc_item_title sc_title_title sc_align_center sc_item_title_style_default sc_item_title_tag\" style=\"text-align: center;\"><span style=\"color: #ffffff;\">UN DON \u00c0 LA FONDATION, C\u2019EST UN INVESTISSEMENT POUR L\u2019AVENIR!<\/span><\/h5>\t\t\t\t\t\t\t\t<\/div>\n\t\t\t\t<\/div>\n\t\t\t\t<div class=\"elementor-element elementor-element-b58b151 elementor-align-center elementor-widget elementor-widget-button\" data-id=\"b58b151\" data-element_type=\"widget\" data-e-type=\"widget\" data-widget_type=\"button.default\">\n\t\t\t\t<div class=\"elementor-widget-container\">\n\t\t\t\t\t\t\t\t\t<div class=\"elementor-button-wrapper\">\n\t\t\t\t\t<a class=\"elementor-button elementor-button-link elementor-size-sm\" href=\"https:\/\/www.canadahelps.org\/fr\/dn\/1150\">\n\t\t\t\t\t\t<span class=\"elementor-button-content-wrapper\">\n\t\t\t\t\t\t<span class=\"elementor-button-icon\">\n\t\t\t\t<i aria-hidden=\"true\" class=\"fas fa-heart\"><\/i>\t\t\t<\/span>\n\t\t\t\t\t\t\t\t\t<span class=\"elementor-button-text\">FAIRE UN DON<\/span>\n\t\t\t\t\t<\/span>\n\t\t\t\t\t<\/a>\n\t\t\t\t<\/div>\n\t\t\t\t\t\t\t\t<\/div>\n\t\t\t\t<\/div>\n\t\t            <\/div>\n        <\/div>\n                <div class=\"elementor-column elementor-col-50 elementor-inner-column elementor-element elementor-element-83e894d\" data-id=\"83e894d\" data-element_type=\"column\" data-e-type=\"column\">\n        <div class=\"elementor-widget-wrap elementor-element-populated\">\n                    \n        \t\t<div class=\"elementor-element elementor-element-9a619f5 elementor-widget elementor-widget-text-editor\" data-id=\"9a619f5\" data-element_type=\"widget\" data-e-type=\"widget\" data-widget_type=\"text-editor.default\">\n\t\t\t\t<div class=\"elementor-widget-container\">\n\t\t\t\t\t\t\t\t\t<h5 class=\"sc_item_title sc_title_title sc_align_center sc_item_title_style_default sc_item_title_tag\" style=\"text-align: center;\"><span style=\"color: #ffffff;\">DES SOINS DE SANT\u00c9 DE BASE \u00c0 LA MESURE DES MEILLEURES PRATIQUES<\/span><\/h5>\t\t\t\t\t\t\t\t<\/div>\n\t\t\t\t<\/div>\n\t\t\t\t<div class=\"elementor-element elementor-element-8025e33 elementor-align-center elementor-widget elementor-widget-button\" data-id=\"8025e33\" data-element_type=\"widget\" data-e-type=\"widget\" data-widget_type=\"button.default\">\n\t\t\t\t<div class=\"elementor-widget-container\">\n\t\t\t\t\t\t\t\t\t<div class=\"elementor-button-wrapper\">\n\t\t\t\t\t<a class=\"elementor-button elementor-button-link elementor-size-sm\" href=\"https:\/\/senegalsantemobile.org\/devenir-volontaire\/\">\n\t\t\t\t\t\t<span class=\"elementor-button-content-wrapper\">\n\t\t\t\t\t\t<span class=\"elementor-button-icon\">\n\t\t\t\t<i aria-hidden=\"true\" class=\"fas fa-people-carry\"><\/i>\t\t\t<\/span>\n\t\t\t\t\t\t\t\t\t<span class=\"elementor-button-text\">DEVENIR VOLONTAIRE<\/span>\n\t\t\t\t\t<\/span>\n\t\t\t\t\t<\/a>\n\t\t\t\t<\/div>\n\t\t\t\t\t\t\t\t<\/div>\n\t\t\t\t<\/div>\n\t\t            <\/div>\n        <\/div>\n                    <\/div>\n        <\/section>\n                    <\/div>\n        <\/div>\n                    <\/div>\n        <\/section>\n        \t\t<\/div>\n\t\t","protected":false},"excerpt":{"rendered":"<p>NOTRE SLOGAN : \u00ab RENDRE LES SOINS ACCESSIBLES, EFFICACES ET HUMAINS \u00bb La Fondation S\u00e9n\u00e9gal Sant\u00e9 Mobile est une organisation qui vise \u00e0 assurer la p\u00e9rennit\u00e9 des soins de sant\u00e9 primaires au sein des populations d\u00e9favoris\u00e9es du S\u00e9n\u00e9gal. Elle encourage et finance la gestion des services de sant\u00e9 afin d\u2019am\u00e9liorer leur disponibilit\u00e9 et leur qualit\u00e9. [&hellip;]<\/p>\n","protected":false},"author":1,"featured_media":0,"parent":0,"menu_order":0,"comment_status":"closed","ping_status":"closed","template":"","meta":{"footnotes":""},"class_list":["post-8370","page","type-page","status-publish","hentry"],"yoast_head":"<!-- This site is optimized with the Yoast SEO plugin v27.4 - https:\/\/yoast.com\/product\/yoast-seo-wordpress\/ -->\n<title>NOTRE HISTOIRE - S\u00e9n\u00e9gal Sant\u00e9 Mobile \ufe31Des Soins Mobiles pour un S\u00e9n\u00e9gal en Meilleure Sant\u00e9<\/title>\n<meta name=\"robots\" content=\"index, follow, max-snippet:-1, max-image-preview:large, max-video-preview:-1\" \/>\n<link rel=\"canonical\" href=\"https:\/\/senegalsantemobile.org\/fr\/notre-histoire\/\" \/>\n<meta property=\"og:locale\" content=\"fr_FR\" \/>\n<meta property=\"og:type\" content=\"article\" \/>\n<meta property=\"og:title\" content=\"NOTRE HISTOIRE - S\u00e9n\u00e9gal Sant\u00e9 Mobile \ufe31Des Soins Mobiles pour un S\u00e9n\u00e9gal en Meilleure Sant\u00e9\" \/>\n<meta property=\"og:description\" content=\"NOTRE SLOGAN : \u00ab RENDRE LES SOINS ACCESSIBLES, EFFICACES ET HUMAINS \u00bb La Fondation S\u00e9n\u00e9gal Sant\u00e9 Mobile est une organisation qui vise \u00e0 assurer la p\u00e9rennit\u00e9 des soins de sant\u00e9 primaires au sein des populations d\u00e9favoris\u00e9es du S\u00e9n\u00e9gal. Elle encourage et finance la gestion des services de sant\u00e9 afin d\u2019am\u00e9liorer leur disponibilit\u00e9 et leur qualit\u00e9. [&hellip;]\" \/>\n<meta property=\"og:url\" content=\"https:\/\/senegalsantemobile.org\/fr\/notre-histoire\/\" \/>\n<meta property=\"og:site_name\" content=\"S\u00e9n\u00e9gal Sant\u00e9 Mobile \ufe31Des Soins Mobiles pour un S\u00e9n\u00e9gal en Meilleure Sant\u00e9\" \/>\n<meta property=\"article:modified_time\" content=\"2024-06-07T14:32:12+00:00\" \/>\n<meta property=\"og:image\" content=\"https:\/\/senegalsantemobile.org\/wp-content\/uploads\/2024\/06\/populations-v-1-1024x661.jpg\" \/>\n<meta name=\"twitter:card\" content=\"summary_large_image\" \/>\n<meta name=\"twitter:label1\" content=\"Dur\u00e9e de lecture estim\u00e9e\" \/>\n\t<meta name=\"twitter:data1\" content=\"3 minutes\" \/>\n<script type=\"application\/ld+json\" class=\"yoast-schema-graph\">{\"@context\":\"https:\\\/\\\/schema.org\",\"@graph\":[{\"@type\":\"WebPage\",\"@id\":\"https:\\\/\\\/senegalsantemobile.org\\\/fr\\\/notre-histoire\\\/\",\"url\":\"https:\\\/\\\/senegalsantemobile.org\\\/fr\\\/notre-histoire\\\/\",\"name\":\"NOTRE HISTOIRE - S\u00e9n\u00e9gal Sant\u00e9 Mobile \ufe31Des Soins Mobiles pour un S\u00e9n\u00e9gal en Meilleure Sant\u00e9\",\"isPartOf\":{\"@id\":\"https:\\\/\\\/senegalsantemobile.org\\\/#website\"},\"primaryImageOfPage\":{\"@id\":\"https:\\\/\\\/senegalsantemobile.org\\\/fr\\\/notre-histoire\\\/#primaryimage\"},\"image\":{\"@id\":\"https:\\\/\\\/senegalsantemobile.org\\\/fr\\\/notre-histoire\\\/#primaryimage\"},\"thumbnailUrl\":\"https:\\\/\\\/senegalsantemobile.org\\\/wp-content\\\/uploads\\\/2024\\\/06\\\/populations-v-1-1024x661.jpg\",\"datePublished\":\"2024-06-07T14:28:28+00:00\",\"dateModified\":\"2024-06-07T14:32:12+00:00\",\"breadcrumb\":{\"@id\":\"https:\\\/\\\/senegalsantemobile.org\\\/fr\\\/notre-histoire\\\/#breadcrumb\"},\"inLanguage\":\"fr-FR\",\"potentialAction\":[{\"@type\":\"ReadAction\",\"target\":[\"https:\\\/\\\/senegalsantemobile.org\\\/fr\\\/notre-histoire\\\/\"]}]},{\"@type\":\"ImageObject\",\"inLanguage\":\"fr-FR\",\"@id\":\"https:\\\/\\\/senegalsantemobile.org\\\/fr\\\/notre-histoire\\\/#primaryimage\",\"url\":\"https:\\\/\\\/senegalsantemobile.org\\\/wp-content\\\/uploads\\\/2024\\\/06\\\/populations-v-1-1024x661.jpg\",\"contentUrl\":\"https:\\\/\\\/senegalsantemobile.org\\\/wp-content\\\/uploads\\\/2024\\\/06\\\/populations-v-1-1024x661.jpg\"},{\"@type\":\"BreadcrumbList\",\"@id\":\"https:\\\/\\\/senegalsantemobile.org\\\/fr\\\/notre-histoire\\\/#breadcrumb\",\"itemListElement\":[{\"@type\":\"ListItem\",\"position\":1,\"name\":\"Home\",\"item\":\"https:\\\/\\\/senegalsantemobile.org\\\/\"},{\"@type\":\"ListItem\",\"position\":2,\"name\":\"NOTRE HISTOIRE\"}]},{\"@type\":\"WebSite\",\"@id\":\"https:\\\/\\\/senegalsantemobile.org\\\/#website\",\"url\":\"https:\\\/\\\/senegalsantemobile.org\\\/\",\"name\":\"S\u00e9n\u00e9gal Sant\u00e9 Mobile \ufe31Des Soins Mobiles pour un S\u00e9n\u00e9gal en Meilleure Sant\u00e9\",\"description\":\"\u00c0 Chaque Coin du S\u00e9n\u00e9gal, La Sant\u00e9 \u00e0 Port\u00e9e de Main\",\"publisher\":{\"@id\":\"https:\\\/\\\/senegalsantemobile.org\\\/#organization\"},\"potentialAction\":[{\"@type\":\"SearchAction\",\"target\":{\"@type\":\"EntryPoint\",\"urlTemplate\":\"https:\\\/\\\/senegalsantemobile.org\\\/?s={search_term_string}\"},\"query-input\":{\"@type\":\"PropertyValueSpecification\",\"valueRequired\":true,\"valueName\":\"search_term_string\"}}],\"inLanguage\":\"fr-FR\"},{\"@type\":\"Organization\",\"@id\":\"https:\\\/\\\/senegalsantemobile.org\\\/#organization\",\"name\":\"S\u00e9n\u00e9gal Sant\u00e9 Mobile \ufe31Des Soins Mobiles pour un S\u00e9n\u00e9gal en Meilleure Sant\u00e9\",\"url\":\"https:\\\/\\\/senegalsantemobile.org\\\/\",\"logo\":{\"@type\":\"ImageObject\",\"inLanguage\":\"fr-FR\",\"@id\":\"https:\\\/\\\/senegalsantemobile.org\\\/#\\\/schema\\\/logo\\\/image\\\/\",\"url\":\"https:\\\/\\\/senegalsantemobile.org\\\/wp-content\\\/uploads\\\/2020\\\/08\\\/logo-sq-1.png\",\"contentUrl\":\"https:\\\/\\\/senegalsantemobile.org\\\/wp-content\\\/uploads\\\/2020\\\/08\\\/logo-sq-1.png\",\"width\":500,\"height\":500,\"caption\":\"S\u00e9n\u00e9gal Sant\u00e9 Mobile \ufe31Des Soins Mobiles pour un S\u00e9n\u00e9gal en Meilleure Sant\u00e9\"},\"image\":{\"@id\":\"https:\\\/\\\/senegalsantemobile.org\\\/#\\\/schema\\\/logo\\\/image\\\/\"}}]}<\/script>\n<!-- \/ Yoast SEO plugin. -->","yoast_head_json":{"title":"NOTRE HISTOIRE - S\u00e9n\u00e9gal Sant\u00e9 Mobile \ufe31Des Soins Mobiles pour un S\u00e9n\u00e9gal en Meilleure Sant\u00e9","robots":{"index":"index","follow":"follow","max-snippet":"max-snippet:-1","max-image-preview":"max-image-preview:large","max-video-preview":"max-video-preview:-1"},"canonical":"https:\/\/senegalsantemobile.org\/fr\/notre-histoire\/","og_locale":"fr_FR","og_type":"article","og_title":"NOTRE HISTOIRE - S\u00e9n\u00e9gal Sant\u00e9 Mobile \ufe31Des Soins Mobiles pour un S\u00e9n\u00e9gal en Meilleure Sant\u00e9","og_description":"NOTRE SLOGAN : \u00ab RENDRE LES SOINS ACCESSIBLES, EFFICACES ET HUMAINS \u00bb La Fondation S\u00e9n\u00e9gal Sant\u00e9 Mobile est une organisation qui vise \u00e0 assurer la p\u00e9rennit\u00e9 des soins de sant\u00e9 primaires au sein des populations d\u00e9favoris\u00e9es du S\u00e9n\u00e9gal. Elle encourage et finance la gestion des services de sant\u00e9 afin d\u2019am\u00e9liorer leur disponibilit\u00e9 et leur qualit\u00e9. [&hellip;]","og_url":"https:\/\/senegalsantemobile.org\/fr\/notre-histoire\/","og_site_name":"S\u00e9n\u00e9gal Sant\u00e9 Mobile \ufe31Des Soins Mobiles pour un S\u00e9n\u00e9gal en Meilleure Sant\u00e9","article_modified_time":"2024-06-07T14:32:12+00:00","og_image":[{"url":"https:\/\/senegalsantemobile.org\/wp-content\/uploads\/2024\/06\/populations-v-1-1024x661.jpg","type":"","width":"","height":""}],"twitter_card":"summary_large_image","twitter_misc":{"Dur\u00e9e de lecture estim\u00e9e":"3 minutes"},"schema":{"@context":"https:\/\/schema.org","@graph":[{"@type":"WebPage","@id":"https:\/\/senegalsantemobile.org\/fr\/notre-histoire\/","url":"https:\/\/senegalsantemobile.org\/fr\/notre-histoire\/","name":"NOTRE HISTOIRE - S\u00e9n\u00e9gal Sant\u00e9 Mobile \ufe31Des Soins Mobiles pour un S\u00e9n\u00e9gal en Meilleure Sant\u00e9","isPartOf":{"@id":"https:\/\/senegalsantemobile.org\/#website"},"primaryImageOfPage":{"@id":"https:\/\/senegalsantemobile.org\/fr\/notre-histoire\/#primaryimage"},"image":{"@id":"https:\/\/senegalsantemobile.org\/fr\/notre-histoire\/#primaryimage"},"thumbnailUrl":"https:\/\/senegalsantemobile.org\/wp-content\/uploads\/2024\/06\/populations-v-1-1024x661.jpg","datePublished":"2024-06-07T14:28:28+00:00","dateModified":"2024-06-07T14:32:12+00:00","breadcrumb":{"@id":"https:\/\/senegalsantemobile.org\/fr\/notre-histoire\/#breadcrumb"},"inLanguage":"fr-FR","potentialAction":[{"@type":"ReadAction","target":["https:\/\/senegalsantemobile.org\/fr\/notre-histoire\/"]}]},{"@type":"ImageObject","inLanguage":"fr-FR","@id":"https:\/\/senegalsantemobile.org\/fr\/notre-histoire\/#primaryimage","url":"https:\/\/senegalsantemobile.org\/wp-content\/uploads\/2024\/06\/populations-v-1-1024x661.jpg","contentUrl":"https:\/\/senegalsantemobile.org\/wp-content\/uploads\/2024\/06\/populations-v-1-1024x661.jpg"},{"@type":"BreadcrumbList","@id":"https:\/\/senegalsantemobile.org\/fr\/notre-histoire\/#breadcrumb","itemListElement":[{"@type":"ListItem","position":1,"name":"Home","item":"https:\/\/senegalsantemobile.org\/"},{"@type":"ListItem","position":2,"name":"NOTRE HISTOIRE"}]},{"@type":"WebSite","@id":"https:\/\/senegalsantemobile.org\/#website","url":"https:\/\/senegalsantemobile.org\/","name":"S\u00e9n\u00e9gal Sant\u00e9 Mobile \ufe31Des Soins Mobiles pour un S\u00e9n\u00e9gal en Meilleure Sant\u00e9","description":"\u00c0 Chaque Coin du S\u00e9n\u00e9gal, La Sant\u00e9 \u00e0 Port\u00e9e de Main","publisher":{"@id":"https:\/\/senegalsantemobile.org\/#organization"},"potentialAction":[{"@type":"SearchAction","target":{"@type":"EntryPoint","urlTemplate":"https:\/\/senegalsantemobile.org\/?s={search_term_string}"},"query-input":{"@type":"PropertyValueSpecification","valueRequired":true,"valueName":"search_term_string"}}],"inLanguage":"fr-FR"},{"@type":"Organization","@id":"https:\/\/senegalsantemobile.org\/#organization","name":"S\u00e9n\u00e9gal Sant\u00e9 Mobile \ufe31Des Soins Mobiles pour un S\u00e9n\u00e9gal en Meilleure Sant\u00e9","url":"https:\/\/senegalsantemobile.org\/","logo":{"@type":"ImageObject","inLanguage":"fr-FR","@id":"https:\/\/senegalsantemobile.org\/#\/schema\/logo\/image\/","url":"https:\/\/senegalsantemobile.org\/wp-content\/uploads\/2020\/08\/logo-sq-1.png","contentUrl":"https:\/\/senegalsantemobile.org\/wp-content\/uploads\/2020\/08\/logo-sq-1.png","width":500,"height":500,"caption":"S\u00e9n\u00e9gal Sant\u00e9 Mobile \ufe31Des Soins Mobiles pour un S\u00e9n\u00e9gal en Meilleure Sant\u00e9"},"image":{"@id":"https:\/\/senegalsantemobile.org\/#\/schema\/logo\/image\/"}}]}},"_links":{"self":[{"href":"https:\/\/senegalsantemobile.org\/fr\/wp-json\/wp\/v2\/pages\/8370","targetHints":{"allow":["GET"]}}],"collection":[{"href":"https:\/\/senegalsantemobile.org\/fr\/wp-json\/wp\/v2\/pages"}],"about":[{"href":"https:\/\/senegalsantemobile.org\/fr\/wp-json\/wp\/v2\/types\/page"}],"author":[{"embeddable":true,"href":"https:\/\/senegalsantemobile.org\/fr\/wp-json\/wp\/v2\/users\/1"}],"replies":[{"embeddable":true,"href":"https:\/\/senegalsantemobile.org\/fr\/wp-json\/wp\/v2\/comments?post=8370"}],"version-history":[{"count":4,"href":"https:\/\/senegalsantemobile.org\/fr\/wp-json\/wp\/v2\/pages\/8370\/revisions"}],"predecessor-version":[{"id":8374,"href":"https:\/\/senegalsantemobile.org\/fr\/wp-json\/wp\/v2\/pages\/8370\/revisions\/8374"}],"wp:attachment":[{"href":"https:\/\/senegalsantemobile.org\/fr\/wp-json\/wp\/v2\/media?parent=8370"}],"curies":[{"name":"wp","href":"https:\/\/api.w.org\/{rel}","templated":true}]}}