{"id":8401,"date":"2024-06-07T14:44:27","date_gmt":"2024-06-07T14:44:27","guid":{"rendered":"https:\/\/dev.senegalsantemobile.org\/?page_id=8401"},"modified":"2024-06-07T14:49:50","modified_gmt":"2024-06-07T14:49:50","slug":"notre-equipe","status":"publish","type":"page","link":"https:\/\/senegalsantemobile.org\/fr\/notre-equipe\/","title":{"rendered":"NOTRE \u00c9QUIPE"},"content":{"rendered":"\t\t<div data-elementor-type=\"wp-page\" data-elementor-id=\"8401\" class=\"elementor elementor-8401\">\n\t\t\t\t        <section class=\"elementor-section elementor-top-section elementor-element elementor-element-e25ba34 elementor-section-stretched elementor-section-boxed elementor-section-height-default elementor-section-height-default ct-header-fixed-none\" data-id=\"e25ba34\" data-element_type=\"section\" data-e-type=\"section\" data-settings=\"{&quot;stretch_section&quot;:&quot;section-stretched&quot;,&quot;background_background&quot;:&quot;classic&quot;}\">\n            \n                        <div class=\"elementor-container elementor-column-gap-extended \">\n                    <div class=\"elementor-column elementor-col-100 elementor-top-column elementor-element elementor-element-34dafc47\" data-id=\"34dafc47\" data-element_type=\"column\" data-e-type=\"column\">\n        <div class=\"elementor-widget-wrap elementor-element-populated\">\n                    \n                <section class=\"elementor-section elementor-inner-section elementor-element elementor-element-724b6891 elementor-section-content-middle elementor-section-boxed elementor-section-height-default elementor-section-height-default ct-header-fixed-none\" data-id=\"724b6891\" data-element_type=\"section\" data-e-type=\"section\">\n            \n                        <div class=\"elementor-container elementor-column-gap-extended \">\n                    <div class=\"elementor-column elementor-col-50 elementor-inner-column elementor-element elementor-element-1817cd0\" data-id=\"1817cd0\" data-element_type=\"column\" data-e-type=\"column\">\n        <div class=\"elementor-widget-wrap elementor-element-populated\">\n                    \n        \t\t<div class=\"elementor-element elementor-element-63b49420 elementor-widget elementor-widget-ct_heading\" data-id=\"63b49420\" data-element_type=\"widget\" data-e-type=\"widget\" data-widget_type=\"ct_heading.default\">\n\t\t\t\t<div class=\"elementor-widget-container\">\n\t\t\t\t\t<div id=\"ct_heading-63b49420\" class=\"ct-heading h-align- ct-heading-left item-st-default\">\r\n\t<div class=\"ct-heading--inner\">\r\n        <div class=\"ct-inline-css\"  data-css=\"\r\n            \">\r\n        <\/div>\r\n            \t\t<div class=\"item--sub-title st-default \" data-wow-delay=\"ms\">\r\n                <div class=\"item--sub-title-inner\">\r\n                                            <div class=\"icon-sub-title\">\r\n                            <svg version=\"1.0\" xmlns=\"http:\/\/www.w3.org\/2000\/svg\" viewBox=\"0 0 382.000000 382.000000\" preserveAspectRatio=\"xMidYMid meet\">\r\n                                <defs>\r\n                                    <linearGradient id=\"sub-icon1\" x1=\"0%\" y1=\"0%\" x2=\"0%\" y2=\"100%\">\r\n                                          <stop offset=\"0%\" style=\"stop-color:#0431b8;stop-opacity:1\" \/>\r\n                                          <stop offset=\"100%\" style=\"stop-color:#22d3ee;stop-opacity:1\" \/>\r\n                                    <\/linearGradient>\r\n                                  <\/defs>\r\n                                <g fill=\"url(#sub-icon1)\" transform=\"translate(0.000000,382.000000) scale(0.100000,-0.100000)\" fill=\"#000000\" stroke=\"none\"><path d=\"M1856 3797 c-20 -20 -23 -36 -29 -142 -50 -901 -761 -1612 -1662 -1662 -106 -6 -122 -9 -142 -29 -30 -30 -30 -78 0 -108 20 -20 36 -23 142 -29 901 -50 1612 -761 1662 -1662 6 -106 9 -122 29 -142 30 -30 78 -30 108 0 20 20 23 36 29 142 50 901 761 1612 1662 1662 106 6 122 9 142 29 30 30 30 78 0 108 -20 20 -36 23 -142 29 -901 50 -1612 761 -1662 1662 -6 106 -9 122 -29 142 -14 14 -35 23 -54 23 -19 0 -40 -9 -54 -23z\"\/><\/g>\r\n                            <\/svg>\r\n                            <svg version=\"1.0\" xmlns=\"http:\/\/www.w3.org\/2000\/svg\" viewBox=\"0 0 382.000000 382.000000\" preserveAspectRatio=\"xMidYMid meet\">\r\n                                <defs>\r\n                                    <linearGradient id=\"sub-icon2\" x1=\"0%\" y1=\"0%\" x2=\"0%\" y2=\"100%\">\r\n                                          <stop offset=\"0%\" style=\"stop-color:#0431b8;stop-opacity:1\" \/>\r\n                                          <stop offset=\"100%\" style=\"stop-color:#22d3ee;stop-opacity:1\" \/>\r\n                                    <\/linearGradient>\r\n                                  <\/defs>\r\n                                <g fill=\"url(#sub-icon2)\" transform=\"translate(0.000000,382.000000) scale(0.100000,-0.100000)\" fill=\"#000000\" stroke=\"none\"><path d=\"M1856 3797 c-20 -20 -23 -36 -29 -142 -50 -901 -761 -1612 -1662 -1662 -106 -6 -122 -9 -142 -29 -30 -30 -30 -78 0 -108 20 -20 36 -23 142 -29 901 -50 1612 -761 1662 -1662 6 -106 9 -122 29 -142 30 -30 78 -30 108 0 20 20 23 36 29 142 50 901 761 1612 1662 1662 106 6 122 9 142 29 30 30 30 78 0 108 -20 20 -36 23 -142 29 -901 50 -1612 761 -1662 1662 -6 106 -9 122 -29 142 -14 14 -35 23 -54 23 -19 0 -40 -9 -54 -23z\"\/><\/g>\r\n                            <\/svg>\r\n                            <svg version=\"1.0\" xmlns=\"http:\/\/www.w3.org\/2000\/svg\" viewBox=\"0 0 382.000000 382.000000\" preserveAspectRatio=\"xMidYMid meet\">\r\n                                <defs>\r\n                                    <linearGradient id=\"sub-icon3\" x1=\"0%\" y1=\"0%\" x2=\"0%\" y2=\"100%\">\r\n                                          <stop offset=\"0%\" style=\"stop-color:#0431b8;stop-opacity:1\" \/>\r\n                                          <stop offset=\"100%\" style=\"stop-color:#22d3ee;stop-opacity:1\" \/>\r\n                                    <\/linearGradient>\r\n                                  <\/defs>\r\n                                <g fill=\"url(#sub-icon3)\" transform=\"translate(0.000000,382.000000) scale(0.100000,-0.100000)\" fill=\"#000000\" stroke=\"none\"><path d=\"M1856 3797 c-20 -20 -23 -36 -29 -142 -50 -901 -761 -1612 -1662 -1662 -106 -6 -122 -9 -142 -29 -30 -30 -30 -78 0 -108 20 -20 36 -23 142 -29 901 -50 1612 -761 1662 -1662 6 -106 9 -122 29 -142 30 -30 78 -30 108 0 20 20 23 36 29 142 50 901 761 1612 1662 1662 106 6 122 9 142 29 30 30 30 78 0 108 -20 20 -36 23 -142 29 -901 50 -1612 761 -1662 1662 -6 106 -9 122 -29 142 -14 14 -35 23 -54 23 -19 0 -40 -9 -54 -23z\"\/><\/g>\r\n                            <\/svg>\r\n                        <\/div>\r\n                                        NOTRE \u00c9QUIPE                <\/div>\r\n            <\/div>\r\n    \t        <h3 class=\"item--title  st-default \" data-wow-delay=\"ms\">\r\n            <span class=\"ct-text-inner\">UNE \u00c9QUIPE, <small>UNE FAMILLE <\/small><\/span>        <\/h3>\r\n    <\/div>\r\n<\/div>\t\t\t\t<\/div>\n\t\t\t\t<\/div>\n\t\t\t\t<div class=\"elementor-element elementor-element-1728293c elementor-widget elementor-widget-ct_text_editor\" data-id=\"1728293c\" data-element_type=\"widget\" data-e-type=\"widget\" data-widget_type=\"ct_text_editor.default\">\n\t\t\t\t<div class=\"elementor-widget-container\">\n\t\t\t\t\t<div id=\"ct_text_editor-1728293c\" class=\"ct-text-editor \" data-wow-delay=\"ms\">\n\t<div class=\"ct-item--inner\">\n\t\t<div class=\"ct-inline-css\"  data-css=\"\n\t        \t\t\t\">\n\n\t    <\/div>\n\t\t<div class=\"ct-text-editor elementor-clearfix\">\n\t\t\t<p>Ao\u00fbt 2008, les membres fondateurs se r\u00e9unissent pour lancer la Fondation S\u00e9n\u00e9gal Sant\u00e9 Mobile.<\/p><p>Ao\u00fbt 2009, la Fondation a \u00e9t\u00e9 reconnue comme un organisme de bienfaisance enregistr\u00e9 par Revenu Canada et en Janvier 2010 nous avons commenc\u00e9 nos premi\u00e8res activit\u00e9s de collecte de fonds.<\/p><p>Au Canada, la Fondation est soutenue par des b\u00e9n\u00e9voles dynamiques. Au cours des derni\u00e8res ann\u00e9es, nous avons \u00e9tabli un r\u00e9seau de partenaires au S\u00e9n\u00e9gal pour nous aider \u00e0 mettre vos dons en action.<\/p>\t\t\n\t\t<\/div>\n\t<\/div>\n<\/div>\t\t\t\t<\/div>\n\t\t\t\t<\/div>\n\t\t            <\/div>\n        <\/div>\n                <div class=\"elementor-column elementor-col-50 elementor-inner-column elementor-element elementor-element-2d2ce0db\" data-id=\"2d2ce0db\" data-element_type=\"column\" data-e-type=\"column\">\n        <div class=\"elementor-widget-wrap elementor-element-populated\">\n                    \n        \t\t<div class=\"elementor-element elementor-element-adc7de9 elementor-widget elementor-widget-ct_text_editor\" data-id=\"adc7de9\" data-element_type=\"widget\" data-e-type=\"widget\" data-widget_type=\"ct_text_editor.default\">\n\t\t\t\t<div class=\"elementor-widget-container\">\n\t\t\t\t\t<div id=\"ct_text_editor-adc7de9\" class=\"ct-text-editor \" data-wow-delay=\"ms\">\n\t<div class=\"ct-item--inner\">\n\t\t<div class=\"ct-inline-css\"  data-css=\"\n\t        \t\t\t\">\n\n\t    <\/div>\n\t\t<div class=\"ct-text-editor elementor-clearfix\">\n\t\t\t<p>Au Canada, la Fondation est soutenue par des b\u00e9n\u00e9voles dynamiques. Au cours des derni\u00e8res ann\u00e9es, nous avons \u00e9tabli un r\u00e9seau de partenaires au S\u00e9n\u00e9gal pour nous aider \u00e0 mettre vos dons en action.<\/p><p>Au-del\u00e0 de nos comp\u00e9tences professionnelles, nous sommes anim\u00e9s par une passion commune pour la d\u00e9fense des droits, l&rsquo;\u00e9galit\u00e9 des chances et la cr\u00e9ation d&rsquo;un environnement inclusif o\u00f9 chaque femme en situation de handicap peut s&rsquo;\u00e9panouir pleinement. Nous croyons fermement en la force du collectif et travaillons en \u00e9troite collaboration avec nos b\u00e9n\u00e9ficiaires, leurs familles, les communaut\u00e9s locales et les partenaires strat\u00e9giques pour cr\u00e9er un r\u00e9el impact.<\/p>\t\t\n\t\t<\/div>\n\t<\/div>\n<\/div>\t\t\t\t<\/div>\n\t\t\t\t<\/div>\n\t\t            <\/div>\n        <\/div>\n                    <\/div>\n        <\/section>\n        \t\t<div class=\"elementor-element elementor-element-03fd877 elementor-widget elementor-widget-ct_team_grid\" data-id=\"03fd877\" data-element_type=\"widget\" data-e-type=\"widget\" data-widget_type=\"ct_team_grid.default\">\n\t\t\t\t<div class=\"elementor-widget-container\">\n\t\t\t\t\t    <div class=\"ct-grid ct-team ct-team-grid2\">\r\n        <div class=\"ct-grid-inner ct-grid-masonry row animate-time\" data-gutter=\"7\">\r\n                            <div class=\"grid-item col-xl-3 col-lg-3 col-md-6 col-sm-6 col-12\">\r\n                    <div class=\"item--inner wow fadeInUp\" data-wow-duration=\"1.2s\">\r\n                    \t                            <div class=\"item--image\">\r\n                                <img fetchpriority=\"high\" decoding=\"async\" width=\"500\" height=\"500\" src=\"https:\/\/senegalsantemobile.org\/wp-content\/uploads\/2024\/06\/Shara.jpg\" class=\"no-lazyload attachment-full\" alt=\"\" \/>                                <div class=\"item--social\">\r\n                                                                                                                        <a href=\"https:\/\/www.facebook.com\/FondationSenegalSanteMobile\/?locale=fr_CA\"><i class=\"fab fa-facebook-f\"><\/i><\/a>\r\n                                                                                                            <\/div>\r\n                            <\/div>\r\n                                                <div class=\"item--holder\">\r\n                            <h3 class=\"item--title\">    \r\n                                SHARA ROSEN                            <\/h3>\r\n                            <div class=\"item--position\">FONDATRICE ET PR\u00c9SIDENTE D\u2019HONNEUR<\/div>\r\n                        <\/div>\r\n                   <\/div>\r\n                <\/div>\r\n                            <div class=\"grid-item col-xl-3 col-lg-3 col-md-6 col-sm-6 col-12\">\r\n                    <div class=\"item--inner wow fadeInUp\" data-wow-duration=\"1.2s\">\r\n                    \t                            <div class=\"item--image\">\r\n                                <img decoding=\"async\" width=\"500\" height=\"500\" src=\"https:\/\/senegalsantemobile.org\/wp-content\/uploads\/2024\/06\/Silhouette-Homme-500x500-1.jpg\" class=\"no-lazyload attachment-full\" alt=\"\" \/>                                <div class=\"item--social\">\r\n                                                                                                                        <a href=\"https:\/\/www.facebook.com\/FondationSenegalSanteMobile\/?locale=fr_CA\"><i class=\"fab fa-facebook-f\"><\/i><\/a>\r\n                                                                                                            <\/div>\r\n                            <\/div>\r\n                                                <div class=\"item--holder\">\r\n                            <h3 class=\"item--title\">    \r\n                                MAMADOU TOUR\u00c9                            <\/h3>\r\n                            <div class=\"item--position\">CO FONDATEUR<\/div>\r\n                        <\/div>\r\n                   <\/div>\r\n                <\/div>\r\n                            <div class=\"grid-item col-xl-3 col-lg-3 col-md-6 col-sm-6 col-12\">\r\n                    <div class=\"item--inner wow fadeInUp\" data-wow-duration=\"1.2s\">\r\n                    \t                            <div class=\"item--image\">\r\n                                <img decoding=\"async\" width=\"500\" height=\"500\" src=\"https:\/\/senegalsantemobile.org\/wp-content\/uploads\/2024\/06\/Photo-Boubacar.jpg\" class=\"no-lazyload attachment-full\" alt=\"\" \/>                                <div class=\"item--social\">\r\n                                                                                                                        <a href=\"https:\/\/www.facebook.com\/FondationSenegalSanteMobile\/?locale=fr_CA\"><i class=\"fab fa-facebook-f\"><\/i><\/a>\r\n                                                                                                            <\/div>\r\n                            <\/div>\r\n                                                <div class=\"item--holder\">\r\n                            <h3 class=\"item--title\">    \r\n                                BOUBACAR BARRY                            <\/h3>\r\n                            <div class=\"item--position\">VICE PR\u00c9SIDENT<\/div>\r\n                        <\/div>\r\n                   <\/div>\r\n                <\/div>\r\n                            <div class=\"grid-item col-xl-3 col-lg-3 col-md-6 col-sm-6 col-12\">\r\n                    <div class=\"item--inner wow fadeInUp\" data-wow-duration=\"1.2s\">\r\n                    \t                            <div class=\"item--image\">\r\n                                <img loading=\"lazy\" decoding=\"async\" width=\"500\" height=\"500\" src=\"https:\/\/senegalsantemobile.org\/wp-content\/uploads\/2024\/06\/Zeina-Dialamba-Danso.jpg\" class=\"no-lazyload attachment-full\" alt=\"\" \/>                                <div class=\"item--social\">\r\n                                                                                                                        <a href=\"https:\/\/www.facebook.com\/FondationSenegalSanteMobile\/?locale=fr_CA\"><i class=\"fab fa-facebook-f\"><\/i><\/a>\r\n                                                                                                            <\/div>\r\n                            <\/div>\r\n                                                <div class=\"item--holder\">\r\n                            <h3 class=\"item--title\">    \r\n                                DIALAMBA ZEINA DANSO                            <\/h3>\r\n                            <div class=\"item--position\">PR\u00c9SIDENTE DU CONSEIL D\u2019ADMINISTRATION<\/div>\r\n                        <\/div>\r\n                   <\/div>\r\n                <\/div>\r\n                            <div class=\"grid-item col-xl-3 col-lg-3 col-md-6 col-sm-6 col-12\">\r\n                    <div class=\"item--inner wow fadeInUp\" data-wow-duration=\"1.2s\">\r\n                    \t                            <div class=\"item--image\">\r\n                                <img loading=\"lazy\" decoding=\"async\" width=\"500\" height=\"500\" src=\"https:\/\/senegalsantemobile.org\/wp-content\/uploads\/2024\/06\/oumou-salam-Kane.jpg\" class=\"no-lazyload attachment-full\" alt=\"\" \/>                                <div class=\"item--social\">\r\n                                                                                                                        <a href=\"https:\/\/www.facebook.com\/FondationSenegalSanteMobile\/?locale=fr_CA\"><i class=\"fab fa-facebook-f\"><\/i><\/a>\r\n                                                                                                            <\/div>\r\n                            <\/div>\r\n                                                <div class=\"item--holder\">\r\n                            <h3 class=\"item--title\">    \r\n                                OUMOU SALAM KANE                            <\/h3>\r\n                            <div class=\"item--position\">TR\u00c9SORI\u00c8RE<\/div>\r\n                        <\/div>\r\n                   <\/div>\r\n                <\/div>\r\n                            <div class=\"grid-item col-xl-3 col-lg-3 col-md-6 col-sm-6 col-12\">\r\n                    <div class=\"item--inner wow fadeInUp\" data-wow-duration=\"1.2s\">\r\n                    \t                            <div class=\"item--image\">\r\n                                <img loading=\"lazy\" decoding=\"async\" width=\"500\" height=\"500\" src=\"https:\/\/senegalsantemobile.org\/wp-content\/uploads\/2024\/06\/bernadette-faye.jpg\" class=\"no-lazyload attachment-full\" alt=\"\" \/>                                <div class=\"item--social\">\r\n                                                                                                                        <a href=\"https:\/\/www.facebook.com\/FondationSenegalSanteMobile\/?locale=fr_CA\"><i class=\"fab fa-facebook-f\"><\/i><\/a>\r\n                                                                                                            <\/div>\r\n                            <\/div>\r\n                                                <div class=\"item--holder\">\r\n                            <h3 class=\"item--title\">    \r\n                                BERNADETTE FAYE                            <\/h3>\r\n                            <div class=\"item--position\">SECR\u00c9TAIRE G\u00c9N\u00c9RALE<\/div>\r\n                        <\/div>\r\n                   <\/div>\r\n                <\/div>\r\n                            <div class=\"grid-item col-xl-3 col-lg-3 col-md-6 col-sm-6 col-12\">\r\n                    <div class=\"item--inner wow fadeInUp\" data-wow-duration=\"1.2s\">\r\n                    \t                            <div class=\"item--image\">\r\n                                <img loading=\"lazy\" decoding=\"async\" width=\"500\" height=\"500\" src=\"https:\/\/senegalsantemobile.org\/wp-content\/uploads\/2024\/06\/Mady-Ndoye0.jpg\" class=\"no-lazyload attachment-full\" alt=\"\" \/>                                <div class=\"item--social\">\r\n                                                                                                                        <a href=\"https:\/\/www.facebook.com\/FondationSenegalSanteMobile\/?locale=fr_CA\"><i class=\"fab fa-facebook-f\"><\/i><\/a>\r\n                                                                                                            <\/div>\r\n                            <\/div>\r\n                                                <div class=\"item--holder\">\r\n                            <h3 class=\"item--title\">    \r\n                                MADYOU NDOYE                            <\/h3>\r\n                            <div class=\"item--position\">DIRECTION DU D\u00c9VELOPPEMENT AVEC LES ENTREPRISES<\/div>\r\n                        <\/div>\r\n                   <\/div>\r\n                <\/div>\r\n                            <div class=\"grid-item col-xl-3 col-lg-3 col-md-6 col-sm-6 col-12\">\r\n                    <div class=\"item--inner wow fadeInUp\" data-wow-duration=\"1.2s\">\r\n                    \t                            <div class=\"item--image\">\r\n                                <img loading=\"lazy\" decoding=\"async\" width=\"500\" height=\"500\" src=\"https:\/\/senegalsantemobile.org\/wp-content\/uploads\/2024\/06\/Mame-Vinette.jpg\" class=\"no-lazyload attachment-full\" alt=\"\" \/>                                <div class=\"item--social\">\r\n                                                                                                                        <a href=\"https:\/\/www.facebook.com\/FondationSenegalSanteMobile\/?locale=fr_CA\"><i class=\"fab fa-facebook-f\"><\/i><\/a>\r\n                                                                                                            <\/div>\r\n                            <\/div>\r\n                                                <div class=\"item--holder\">\r\n                            <h3 class=\"item--title\">    \r\n                                MAME M\u2019BISSINE DIOP                            <\/h3>\r\n                            <div class=\"item--position\">CHARG\u00c9E DES COMMUNICATIONS<\/div>\r\n                        <\/div>\r\n                   <\/div>\r\n                <\/div>\r\n                            <div class=\"grid-item col-xl-3 col-lg-3 col-md-6 col-sm-6 col-12\">\r\n                    <div class=\"item--inner wow fadeInUp\" data-wow-duration=\"1.2s\">\r\n                    \t                            <div class=\"item--image\">\r\n                                <img loading=\"lazy\" decoding=\"async\" width=\"500\" height=\"500\" src=\"https:\/\/senegalsantemobile.org\/wp-content\/uploads\/2024\/06\/Soygui-Diakhate.jpg\" class=\"no-lazyload attachment-full\" alt=\"\" \/>                                <div class=\"item--social\">\r\n                                                                                                                        <a href=\"https:\/\/www.facebook.com\/FondationSenegalSanteMobile\/?locale=fr_CA\"><i class=\"fab fa-facebook-f\"><\/i><\/a>\r\n                                                                                                            <\/div>\r\n                            <\/div>\r\n                                                <div class=\"item--holder\">\r\n                            <h3 class=\"item--title\">    \r\n                                SOYGUI DIAKHATE                            <\/h3>\r\n                            <div class=\"item--position\">CHARG\u00c9E DES COMMUNICATIONS<\/div>\r\n                        <\/div>\r\n                   <\/div>\r\n                <\/div>\r\n                            <div class=\"grid-item col-xl-3 col-lg-3 col-md-6 col-sm-6 col-12\">\r\n                    <div class=\"item--inner wow fadeInUp\" data-wow-duration=\"1.2s\">\r\n                    \t                            <div class=\"item--image\">\r\n                                <img loading=\"lazy\" decoding=\"async\" width=\"500\" height=\"500\" src=\"https:\/\/senegalsantemobile.org\/wp-content\/uploads\/2024\/06\/mariam-Sall.jpg\" class=\"no-lazyload attachment-full\" alt=\"\" \/>                                <div class=\"item--social\">\r\n                                                                                                                        <a href=\"https:\/\/www.facebook.com\/FondationSenegalSanteMobile\/?locale=fr_CA\"><i class=\"fab fa-facebook-f\"><\/i><\/a>\r\n                                                                                                            <\/div>\r\n                            <\/div>\r\n                                                <div class=\"item--holder\">\r\n                            <h3 class=\"item--title\">    \r\n                                MARIAM SALL                            <\/h3>\r\n                            <div class=\"item--position\">LIAISON AVEC L\u2019ASSOCIATION SANT\u00c9 MOBILE S\u00c9N\u00c9GAL<\/div>\r\n                        <\/div>\r\n                   <\/div>\r\n                <\/div>\r\n                            <div class=\"grid-item col-xl-3 col-lg-3 col-md-6 col-sm-6 col-12\">\r\n                    <div class=\"item--inner wow fadeInUp\" data-wow-duration=\"1.2s\">\r\n                    \t                            <div class=\"item--image\">\r\n                                <img loading=\"lazy\" decoding=\"async\" width=\"500\" height=\"500\" src=\"https:\/\/senegalsantemobile.org\/wp-content\/uploads\/2024\/06\/Khadidiatou-Cone.jpg\" class=\"no-lazyload attachment-full\" alt=\"\" \/>                                <div class=\"item--social\">\r\n                                                                                                                        <a href=\"https:\/\/www.facebook.com\/FondationSenegalSanteMobile\/?locale=fr_CA\"><i class=\"fab fa-facebook-f\"><\/i><\/a>\r\n                                                                                                            <\/div>\r\n                            <\/div>\r\n                                                <div class=\"item--holder\">\r\n                            <h3 class=\"item--title\">    \r\n                                KHADIDIATOU CON\u00c9                            <\/h3>\r\n                            <div class=\"item--position\">COORDONNATRICE \u00c9V\u00c8NEMENTS<\/div>\r\n                        <\/div>\r\n                   <\/div>\r\n                <\/div>\r\n                        <div class=\"grid-sizer col-xl-3 col-lg-3 col-md-6 col-sm-6 col-12\"><\/div>\r\n        <\/div>\r\n    <\/div>\r\n\t\t\t\t<\/div>\n\t\t\t\t<\/div>\n\t\t            <\/div>\n        <\/div>\n                    <\/div>\n        <\/section>\n                <section class=\"elementor-section elementor-top-section elementor-element elementor-element-c1cf0d6 elementor-section-stretched elementor-section-boxed elementor-section-height-default elementor-section-height-default ct-header-fixed-none\" data-id=\"c1cf0d6\" data-element_type=\"section\" data-e-type=\"section\" data-settings=\"{&quot;stretch_section&quot;:&quot;section-stretched&quot;,&quot;background_background&quot;:&quot;classic&quot;}\">\n                            <div class=\"elementor-background-overlay\"><\/div>\n                \n                        <div class=\"elementor-container elementor-column-gap-extended \">\n                    <div class=\"elementor-column elementor-col-100 elementor-top-column elementor-element elementor-element-5526391\" data-id=\"5526391\" data-element_type=\"column\" data-e-type=\"column\">\n        <div class=\"elementor-widget-wrap elementor-element-populated\">\n                    \n        \t\t<div class=\"elementor-element elementor-element-d5d3f48 elementor-widget elementor-widget-heading\" data-id=\"d5d3f48\" data-element_type=\"widget\" data-e-type=\"widget\" data-widget_type=\"heading.default\">\n\t\t\t\t<div class=\"elementor-widget-container\">\n\t\t\t\t\t<h2 class=\"elementor-heading-title elementor-size-default\">DON D'AMBULANCES TRICYCLES \u00c9QUIP\u00c9ES D'UN SYST\u00c8ME DE CONCENTRATEUR D'OXYG\u00c8NE : AVRIL 2024<\/h2>\t\t\t\t<\/div>\n\t\t\t\t<\/div>\n\t\t\t\t<div class=\"elementor-element elementor-element-62bf05c elementor-widget elementor-widget-spacer\" data-id=\"62bf05c\" data-element_type=\"widget\" data-e-type=\"widget\" data-widget_type=\"spacer.default\">\n\t\t\t\t<div class=\"elementor-widget-container\">\n\t\t\t\t\t\t\t<div class=\"elementor-spacer\">\n\t\t\t<div class=\"elementor-spacer-inner\"><\/div>\n\t\t<\/div>\n\t\t\t\t\t\t<\/div>\n\t\t\t\t<\/div>\n\t\t        <section class=\"elementor-section elementor-inner-section elementor-element elementor-element-da78b2d elementor-section-content-middle elementor-section-boxed elementor-section-height-default elementor-section-height-default ct-header-fixed-none\" data-id=\"da78b2d\" data-element_type=\"section\" data-e-type=\"section\">\n            \n                        <div class=\"elementor-container elementor-column-gap-extended \">\n                    <div class=\"elementor-column elementor-col-50 elementor-inner-column elementor-element elementor-element-5a83ffc\" data-id=\"5a83ffc\" data-element_type=\"column\" data-e-type=\"column\">\n        <div class=\"elementor-widget-wrap elementor-element-populated\">\n                    \n        \t\t<div class=\"elementor-element elementor-element-280d235 elementor-widget elementor-widget-text-editor\" data-id=\"280d235\" data-element_type=\"widget\" data-e-type=\"widget\" data-widget_type=\"text-editor.default\">\n\t\t\t\t<div class=\"elementor-widget-container\">\n\t\t\t\t\t\t\t\t\t<h5 class=\"sc_item_title sc_title_title sc_align_center sc_item_title_style_default sc_item_title_tag\" style=\"text-align: center;\"><span style=\"color: #ffffff;\">UN DON \u00c0 LA FONDATION, C\u2019EST UN INVESTISSEMENT POUR L\u2019AVENIR!<\/span><\/h5>\t\t\t\t\t\t\t\t<\/div>\n\t\t\t\t<\/div>\n\t\t\t\t<div class=\"elementor-element elementor-element-fcba8d1 elementor-align-center elementor-widget elementor-widget-button\" data-id=\"fcba8d1\" data-element_type=\"widget\" data-e-type=\"widget\" data-widget_type=\"button.default\">\n\t\t\t\t<div class=\"elementor-widget-container\">\n\t\t\t\t\t\t\t\t\t<div class=\"elementor-button-wrapper\">\n\t\t\t\t\t<a class=\"elementor-button elementor-button-link elementor-size-sm\" href=\"https:\/\/www.canadahelps.org\/fr\/dn\/1150\">\n\t\t\t\t\t\t<span class=\"elementor-button-content-wrapper\">\n\t\t\t\t\t\t<span class=\"elementor-button-icon\">\n\t\t\t\t<i aria-hidden=\"true\" class=\"fas fa-heart\"><\/i>\t\t\t<\/span>\n\t\t\t\t\t\t\t\t\t<span class=\"elementor-button-text\">FAIRE UN DON<\/span>\n\t\t\t\t\t<\/span>\n\t\t\t\t\t<\/a>\n\t\t\t\t<\/div>\n\t\t\t\t\t\t\t\t<\/div>\n\t\t\t\t<\/div>\n\t\t            <\/div>\n        <\/div>\n                <div class=\"elementor-column elementor-col-50 elementor-inner-column elementor-element elementor-element-48d9993\" data-id=\"48d9993\" data-element_type=\"column\" data-e-type=\"column\">\n        <div class=\"elementor-widget-wrap elementor-element-populated\">\n                    \n        \t\t<div class=\"elementor-element elementor-element-2a29093 elementor-widget elementor-widget-text-editor\" data-id=\"2a29093\" data-element_type=\"widget\" data-e-type=\"widget\" data-widget_type=\"text-editor.default\">\n\t\t\t\t<div class=\"elementor-widget-container\">\n\t\t\t\t\t\t\t\t\t<h5 class=\"sc_item_title sc_title_title sc_align_center sc_item_title_style_default sc_item_title_tag\" style=\"text-align: center;\"><span style=\"color: #ffffff;\">DES SOINS DE SANT\u00c9 DE BASE \u00c0 LA MESURE DES MEILLEURES PRATIQUES<\/span><\/h5>\t\t\t\t\t\t\t\t<\/div>\n\t\t\t\t<\/div>\n\t\t\t\t<div class=\"elementor-element elementor-element-8d3b87d elementor-align-center elementor-widget elementor-widget-button\" data-id=\"8d3b87d\" data-element_type=\"widget\" data-e-type=\"widget\" data-widget_type=\"button.default\">\n\t\t\t\t<div class=\"elementor-widget-container\">\n\t\t\t\t\t\t\t\t\t<div class=\"elementor-button-wrapper\">\n\t\t\t\t\t<a class=\"elementor-button elementor-button-link elementor-size-sm\" href=\"https:\/\/senegalsantemobile.org\/devenir-volontaire\/\">\n\t\t\t\t\t\t<span class=\"elementor-button-content-wrapper\">\n\t\t\t\t\t\t<span class=\"elementor-button-icon\">\n\t\t\t\t<i aria-hidden=\"true\" class=\"fas fa-people-carry\"><\/i>\t\t\t<\/span>\n\t\t\t\t\t\t\t\t\t<span class=\"elementor-button-text\">DEVENIR VOLONTAIRE<\/span>\n\t\t\t\t\t<\/span>\n\t\t\t\t\t<\/a>\n\t\t\t\t<\/div>\n\t\t\t\t\t\t\t\t<\/div>\n\t\t\t\t<\/div>\n\t\t            <\/div>\n        <\/div>\n                    <\/div>\n        <\/section>\n                    <\/div>\n        <\/div>\n                    <\/div>\n        <\/section>\n        \t\t<\/div>\n\t\t","protected":false},"excerpt":{"rendered":"<p>NOTRE \u00c9QUIPE UNE \u00c9QUIPE, UNE FAMILLE Ao\u00fbt 2008, les membres fondateurs se r\u00e9unissent pour lancer la Fondation S\u00e9n\u00e9gal Sant\u00e9 Mobile. Ao\u00fbt 2009, la Fondation a \u00e9t\u00e9 reconnue comme un organisme de bienfaisance enregistr\u00e9 par Revenu Canada et en Janvier 2010 nous avons commenc\u00e9 nos premi\u00e8res activit\u00e9s de collecte de fonds. Au Canada, la Fondation est [&hellip;]<\/p>\n","protected":false},"author":1,"featured_media":0,"parent":0,"menu_order":0,"comment_status":"closed","ping_status":"closed","template":"","meta":{"footnotes":""},"class_list":["post-8401","page","type-page","status-publish","hentry"],"yoast_head":"<!-- This site is optimized with the Yoast SEO plugin v27.4 - https:\/\/yoast.com\/product\/yoast-seo-wordpress\/ -->\n<title>NOTRE \u00c9QUIPE - S\u00e9n\u00e9gal Sant\u00e9 Mobile \ufe31Des Soins Mobiles pour un S\u00e9n\u00e9gal en Meilleure Sant\u00e9<\/title>\n<meta name=\"robots\" content=\"index, follow, max-snippet:-1, max-image-preview:large, max-video-preview:-1\" \/>\n<link rel=\"canonical\" href=\"https:\/\/senegalsantemobile.org\/our-team\/\" \/>\n<meta property=\"og:locale\" content=\"fr_FR\" \/>\n<meta property=\"og:type\" content=\"article\" \/>\n<meta property=\"og:title\" content=\"NOTRE \u00c9QUIPE - S\u00e9n\u00e9gal Sant\u00e9 Mobile \ufe31Des Soins Mobiles pour un S\u00e9n\u00e9gal en Meilleure Sant\u00e9\" \/>\n<meta property=\"og:description\" content=\"NOTRE \u00c9QUIPE UNE \u00c9QUIPE, UNE FAMILLE Ao\u00fbt 2008, les membres fondateurs se r\u00e9unissent pour lancer la Fondation S\u00e9n\u00e9gal Sant\u00e9 Mobile. Ao\u00fbt 2009, la Fondation a \u00e9t\u00e9 reconnue comme un organisme de bienfaisance enregistr\u00e9 par Revenu Canada et en Janvier 2010 nous avons commenc\u00e9 nos premi\u00e8res activit\u00e9s de collecte de fonds. Au Canada, la Fondation est [&hellip;]\" \/>\n<meta property=\"og:url\" content=\"https:\/\/senegalsantemobile.org\/our-team\/\" \/>\n<meta property=\"og:site_name\" content=\"S\u00e9n\u00e9gal Sant\u00e9 Mobile \ufe31Des Soins Mobiles pour un S\u00e9n\u00e9gal en Meilleure Sant\u00e9\" \/>\n<meta property=\"article:modified_time\" content=\"2024-06-07T14:49:50+00:00\" \/>\n<meta property=\"og:image\" content=\"https:\/\/senegalsantemobile.org\/wp-content\/uploads\/2024\/06\/Shara.jpg\" \/>\n<meta name=\"twitter:card\" content=\"summary_large_image\" \/>\n<meta name=\"twitter:label1\" content=\"Dur\u00e9e de lecture estim\u00e9e\" \/>\n\t<meta name=\"twitter:data1\" content=\"2 minutes\" \/>\n<script type=\"application\/ld+json\" class=\"yoast-schema-graph\">{\"@context\":\"https:\\\/\\\/schema.org\",\"@graph\":[{\"@type\":\"WebPage\",\"@id\":\"https:\\\/\\\/senegalsantemobile.org\\\/our-team\\\/\",\"url\":\"https:\\\/\\\/senegalsantemobile.org\\\/our-team\\\/\",\"name\":\"NOTRE \u00c9QUIPE - S\u00e9n\u00e9gal Sant\u00e9 Mobile \ufe31Des Soins Mobiles pour un S\u00e9n\u00e9gal en Meilleure Sant\u00e9\",\"isPartOf\":{\"@id\":\"https:\\\/\\\/senegalsantemobile.org\\\/#website\"},\"primaryImageOfPage\":{\"@id\":\"https:\\\/\\\/senegalsantemobile.org\\\/our-team\\\/#primaryimage\"},\"image\":{\"@id\":\"https:\\\/\\\/senegalsantemobile.org\\\/our-team\\\/#primaryimage\"},\"thumbnailUrl\":\"https:\\\/\\\/senegalsantemobile.org\\\/wp-content\\\/uploads\\\/2024\\\/06\\\/Shara.jpg\",\"datePublished\":\"2024-06-07T14:44:27+00:00\",\"dateModified\":\"2024-06-07T14:49:50+00:00\",\"breadcrumb\":{\"@id\":\"https:\\\/\\\/senegalsantemobile.org\\\/our-team\\\/#breadcrumb\"},\"inLanguage\":\"fr-FR\",\"potentialAction\":[{\"@type\":\"ReadAction\",\"target\":[\"https:\\\/\\\/senegalsantemobile.org\\\/our-team\\\/\"]}]},{\"@type\":\"ImageObject\",\"inLanguage\":\"fr-FR\",\"@id\":\"https:\\\/\\\/senegalsantemobile.org\\\/our-team\\\/#primaryimage\",\"url\":\"https:\\\/\\\/senegalsantemobile.org\\\/wp-content\\\/uploads\\\/2024\\\/06\\\/Shara.jpg\",\"contentUrl\":\"https:\\\/\\\/senegalsantemobile.org\\\/wp-content\\\/uploads\\\/2024\\\/06\\\/Shara.jpg\"},{\"@type\":\"BreadcrumbList\",\"@id\":\"https:\\\/\\\/senegalsantemobile.org\\\/our-team\\\/#breadcrumb\",\"itemListElement\":[{\"@type\":\"ListItem\",\"position\":1,\"name\":\"Home\",\"item\":\"https:\\\/\\\/senegalsantemobile.org\\\/\"},{\"@type\":\"ListItem\",\"position\":2,\"name\":\"NOTRE \u00c9QUIPE\"}]},{\"@type\":\"WebSite\",\"@id\":\"https:\\\/\\\/senegalsantemobile.org\\\/#website\",\"url\":\"https:\\\/\\\/senegalsantemobile.org\\\/\",\"name\":\"S\u00e9n\u00e9gal Sant\u00e9 Mobile \ufe31Des Soins Mobiles pour un S\u00e9n\u00e9gal en Meilleure Sant\u00e9\",\"description\":\"\u00c0 Chaque Coin du S\u00e9n\u00e9gal, La Sant\u00e9 \u00e0 Port\u00e9e de Main\",\"publisher\":{\"@id\":\"https:\\\/\\\/senegalsantemobile.org\\\/#organization\"},\"potentialAction\":[{\"@type\":\"SearchAction\",\"target\":{\"@type\":\"EntryPoint\",\"urlTemplate\":\"https:\\\/\\\/senegalsantemobile.org\\\/?s={search_term_string}\"},\"query-input\":{\"@type\":\"PropertyValueSpecification\",\"valueRequired\":true,\"valueName\":\"search_term_string\"}}],\"inLanguage\":\"fr-FR\"},{\"@type\":\"Organization\",\"@id\":\"https:\\\/\\\/senegalsantemobile.org\\\/#organization\",\"name\":\"S\u00e9n\u00e9gal Sant\u00e9 Mobile \ufe31Des Soins Mobiles pour un S\u00e9n\u00e9gal en Meilleure Sant\u00e9\",\"url\":\"https:\\\/\\\/senegalsantemobile.org\\\/\",\"logo\":{\"@type\":\"ImageObject\",\"inLanguage\":\"fr-FR\",\"@id\":\"https:\\\/\\\/senegalsantemobile.org\\\/#\\\/schema\\\/logo\\\/image\\\/\",\"url\":\"https:\\\/\\\/senegalsantemobile.org\\\/wp-content\\\/uploads\\\/2020\\\/08\\\/logo-sq-1.png\",\"contentUrl\":\"https:\\\/\\\/senegalsantemobile.org\\\/wp-content\\\/uploads\\\/2020\\\/08\\\/logo-sq-1.png\",\"width\":500,\"height\":500,\"caption\":\"S\u00e9n\u00e9gal Sant\u00e9 Mobile \ufe31Des Soins Mobiles pour un S\u00e9n\u00e9gal en Meilleure Sant\u00e9\"},\"image\":{\"@id\":\"https:\\\/\\\/senegalsantemobile.org\\\/#\\\/schema\\\/logo\\\/image\\\/\"}}]}<\/script>\n<!-- \/ Yoast SEO plugin. -->","yoast_head_json":{"title":"NOTRE \u00c9QUIPE - S\u00e9n\u00e9gal Sant\u00e9 Mobile \ufe31Des Soins Mobiles pour un S\u00e9n\u00e9gal en Meilleure Sant\u00e9","robots":{"index":"index","follow":"follow","max-snippet":"max-snippet:-1","max-image-preview":"max-image-preview:large","max-video-preview":"max-video-preview:-1"},"canonical":"https:\/\/senegalsantemobile.org\/our-team\/","og_locale":"fr_FR","og_type":"article","og_title":"NOTRE \u00c9QUIPE - S\u00e9n\u00e9gal Sant\u00e9 Mobile \ufe31Des Soins Mobiles pour un S\u00e9n\u00e9gal en Meilleure Sant\u00e9","og_description":"NOTRE \u00c9QUIPE UNE \u00c9QUIPE, UNE FAMILLE Ao\u00fbt 2008, les membres fondateurs se r\u00e9unissent pour lancer la Fondation S\u00e9n\u00e9gal Sant\u00e9 Mobile. Ao\u00fbt 2009, la Fondation a \u00e9t\u00e9 reconnue comme un organisme de bienfaisance enregistr\u00e9 par Revenu Canada et en Janvier 2010 nous avons commenc\u00e9 nos premi\u00e8res activit\u00e9s de collecte de fonds. Au Canada, la Fondation est [&hellip;]","og_url":"https:\/\/senegalsantemobile.org\/our-team\/","og_site_name":"S\u00e9n\u00e9gal Sant\u00e9 Mobile \ufe31Des Soins Mobiles pour un S\u00e9n\u00e9gal en Meilleure Sant\u00e9","article_modified_time":"2024-06-07T14:49:50+00:00","og_image":[{"url":"https:\/\/senegalsantemobile.org\/wp-content\/uploads\/2024\/06\/Shara.jpg","type":"","width":"","height":""}],"twitter_card":"summary_large_image","twitter_misc":{"Dur\u00e9e de lecture estim\u00e9e":"2 minutes"},"schema":{"@context":"https:\/\/schema.org","@graph":[{"@type":"WebPage","@id":"https:\/\/senegalsantemobile.org\/our-team\/","url":"https:\/\/senegalsantemobile.org\/our-team\/","name":"NOTRE \u00c9QUIPE - S\u00e9n\u00e9gal Sant\u00e9 Mobile \ufe31Des Soins Mobiles pour un S\u00e9n\u00e9gal en Meilleure Sant\u00e9","isPartOf":{"@id":"https:\/\/senegalsantemobile.org\/#website"},"primaryImageOfPage":{"@id":"https:\/\/senegalsantemobile.org\/our-team\/#primaryimage"},"image":{"@id":"https:\/\/senegalsantemobile.org\/our-team\/#primaryimage"},"thumbnailUrl":"https:\/\/senegalsantemobile.org\/wp-content\/uploads\/2024\/06\/Shara.jpg","datePublished":"2024-06-07T14:44:27+00:00","dateModified":"2024-06-07T14:49:50+00:00","breadcrumb":{"@id":"https:\/\/senegalsantemobile.org\/our-team\/#breadcrumb"},"inLanguage":"fr-FR","potentialAction":[{"@type":"ReadAction","target":["https:\/\/senegalsantemobile.org\/our-team\/"]}]},{"@type":"ImageObject","inLanguage":"fr-FR","@id":"https:\/\/senegalsantemobile.org\/our-team\/#primaryimage","url":"https:\/\/senegalsantemobile.org\/wp-content\/uploads\/2024\/06\/Shara.jpg","contentUrl":"https:\/\/senegalsantemobile.org\/wp-content\/uploads\/2024\/06\/Shara.jpg"},{"@type":"BreadcrumbList","@id":"https:\/\/senegalsantemobile.org\/our-team\/#breadcrumb","itemListElement":[{"@type":"ListItem","position":1,"name":"Home","item":"https:\/\/senegalsantemobile.org\/"},{"@type":"ListItem","position":2,"name":"NOTRE \u00c9QUIPE"}]},{"@type":"WebSite","@id":"https:\/\/senegalsantemobile.org\/#website","url":"https:\/\/senegalsantemobile.org\/","name":"S\u00e9n\u00e9gal Sant\u00e9 Mobile \ufe31Des Soins Mobiles pour un S\u00e9n\u00e9gal en Meilleure Sant\u00e9","description":"\u00c0 Chaque Coin du S\u00e9n\u00e9gal, La Sant\u00e9 \u00e0 Port\u00e9e de Main","publisher":{"@id":"https:\/\/senegalsantemobile.org\/#organization"},"potentialAction":[{"@type":"SearchAction","target":{"@type":"EntryPoint","urlTemplate":"https:\/\/senegalsantemobile.org\/?s={search_term_string}"},"query-input":{"@type":"PropertyValueSpecification","valueRequired":true,"valueName":"search_term_string"}}],"inLanguage":"fr-FR"},{"@type":"Organization","@id":"https:\/\/senegalsantemobile.org\/#organization","name":"S\u00e9n\u00e9gal Sant\u00e9 Mobile \ufe31Des Soins Mobiles pour un S\u00e9n\u00e9gal en Meilleure Sant\u00e9","url":"https:\/\/senegalsantemobile.org\/","logo":{"@type":"ImageObject","inLanguage":"fr-FR","@id":"https:\/\/senegalsantemobile.org\/#\/schema\/logo\/image\/","url":"https:\/\/senegalsantemobile.org\/wp-content\/uploads\/2020\/08\/logo-sq-1.png","contentUrl":"https:\/\/senegalsantemobile.org\/wp-content\/uploads\/2020\/08\/logo-sq-1.png","width":500,"height":500,"caption":"S\u00e9n\u00e9gal Sant\u00e9 Mobile \ufe31Des Soins Mobiles pour un S\u00e9n\u00e9gal en Meilleure Sant\u00e9"},"image":{"@id":"https:\/\/senegalsantemobile.org\/#\/schema\/logo\/image\/"}}]}},"_links":{"self":[{"href":"https:\/\/senegalsantemobile.org\/fr\/wp-json\/wp\/v2\/pages\/8401","targetHints":{"allow":["GET"]}}],"collection":[{"href":"https:\/\/senegalsantemobile.org\/fr\/wp-json\/wp\/v2\/pages"}],"about":[{"href":"https:\/\/senegalsantemobile.org\/fr\/wp-json\/wp\/v2\/types\/page"}],"author":[{"embeddable":true,"href":"https:\/\/senegalsantemobile.org\/fr\/wp-json\/wp\/v2\/users\/1"}],"replies":[{"embeddable":true,"href":"https:\/\/senegalsantemobile.org\/fr\/wp-json\/wp\/v2\/comments?post=8401"}],"version-history":[{"count":5,"href":"https:\/\/senegalsantemobile.org\/fr\/wp-json\/wp\/v2\/pages\/8401\/revisions"}],"predecessor-version":[{"id":8406,"href":"https:\/\/senegalsantemobile.org\/fr\/wp-json\/wp\/v2\/pages\/8401\/revisions\/8406"}],"wp:attachment":[{"href":"https:\/\/senegalsantemobile.org\/fr\/wp-json\/wp\/v2\/media?parent=8401"}],"curies":[{"name":"wp","href":"https:\/\/api.w.org\/{rel}","templated":true}]}}